{"id":14259,"date":"2020-02-01T12:03:31","date_gmt":"2020-02-01T11:03:31","guid":{"rendered":"http:\/\/rebech.pl\/?post_type=portfolio&#038;p=14259"},"modified":"2020-02-19T11:08:15","modified_gmt":"2020-02-19T10:08:15","slug":"schronisko-psow-na-paluchu","status":"publish","type":"portfolio","link":"http:\/\/rebech.pl\/index.php\/portfolio\/schronisko-psow-na-paluchu\/","title":{"rendered":"Fotoreporta\u017c\u239f Schronisko ps\u00f3w Na Paluchu"},"content":{"rendered":"\t\t<div data-elementor-type=\"wp-post\" data-elementor-id=\"14259\" class=\"elementor elementor-14259\">\n\t\t\t\t\t\t<div class=\"elementor-inner\">\n\t\t\t\t<div class=\"elementor-section-wrap\">\n\t\t\t\t\t\t\t\t\t<section class=\"elementor-section elementor-top-section elementor-element elementor-element-64981e8 elementor-section-boxed elementor-section-height-default elementor-section-height-default\" data-id=\"64981e8\" data-element_type=\"section\">\n\t\t\t\t\t\t<div class=\"elementor-container elementor-column-gap-default\">\n\t\t\t\t\t\t\t<div class=\"elementor-row\">\n\t\t\t\t\t<div class=\"elementor-column elementor-col-100 elementor-top-column elementor-element elementor-element-52a0f08\" data-id=\"52a0f08\" data-element_type=\"column\">\n\t\t\t<div class=\"elementor-column-wrap elementor-element-populated\">\n\t\t\t\t\t\t\t<div class=\"elementor-widget-wrap\">\n\t\t\t\t\t\t<div class=\"elementor-element elementor-element-bc8b7d2 elementor-widget elementor-widget-spacer\" data-id=\"bc8b7d2\" data-element_type=\"widget\" data-widget_type=\"spacer.default\">\n\t\t\t\t<div class=\"elementor-widget-container\">\n\t\t\t\t\t<div class=\"elementor-spacer\">\n\t\t\t<div class=\"elementor-spacer-inner\"><\/div>\n\t\t<\/div>\n\t\t\t\t<\/div>\n\t\t\t\t<\/div>\n\t\t\t\t\t\t<\/div>\n\t\t\t\t\t<\/div>\n\t\t<\/div>\n\t\t\t\t\t\t\t\t<\/div>\n\t\t\t\t\t<\/div>\n\t\t<\/section>\n\t\t\t\t<section class=\"elementor-section elementor-top-section elementor-element elementor-element-7e198e7 elementor-section-boxed elementor-section-height-default elementor-section-height-default\" data-id=\"7e198e7\" data-element_type=\"section\">\n\t\t\t\t\t\t<div class=\"elementor-container elementor-column-gap-default\">\n\t\t\t\t\t\t\t<div class=\"elementor-row\">\n\t\t\t\t\t<div class=\"elementor-column elementor-col-100 elementor-top-column elementor-element elementor-element-48391e5\" data-id=\"48391e5\" data-element_type=\"column\">\n\t\t\t<div class=\"elementor-column-wrap elementor-element-populated\">\n\t\t\t\t\t\t\t<div class=\"elementor-widget-wrap\">\n\t\t\t\t\t\t<div class=\"elementor-element elementor-element-4cd7531 elementor-widget elementor-widget-heading\" data-id=\"4cd7531\" data-element_type=\"widget\" data-widget_type=\"heading.default\">\n\t\t\t\t<div class=\"elementor-widget-container\">\n\t\t\t<h2 class=\"elementor-heading-title elementor-size-default\">Fotoreporta\u017c\u239f Schronisko ps\u00f3w Na Paluchu<br><\/h2>\t\t<\/div>\n\t\t\t\t<\/div>\n\t\t\t\t\t\t<\/div>\n\t\t\t\t\t<\/div>\n\t\t<\/div>\n\t\t\t\t\t\t\t\t<\/div>\n\t\t\t\t\t<\/div>\n\t\t<\/section>\n\t\t\t\t<section class=\"elementor-section elementor-top-section elementor-element elementor-element-582a0d3 elementor-section-boxed elementor-section-height-default elementor-section-height-default\" data-id=\"582a0d3\" data-element_type=\"section\">\n\t\t\t\t\t\t<div class=\"elementor-container elementor-column-gap-default\">\n\t\t\t\t\t\t\t<div class=\"elementor-row\">\n\t\t\t\t\t<div class=\"elementor-column elementor-col-100 elementor-top-column elementor-element elementor-element-c6d2ca1\" data-id=\"c6d2ca1\" data-element_type=\"column\">\n\t\t\t<div class=\"elementor-column-wrap elementor-element-populated\">\n\t\t\t\t\t\t\t<div class=\"elementor-widget-wrap\">\n\t\t\t\t\t\t<div class=\"elementor-element elementor-element-e0ee9b5 gallery-spacing-custom elementor-widget elementor-widget-image-gallery\" data-id=\"e0ee9b5\" data-element_type=\"widget\" data-widget_type=\"image-gallery.default\">\n\t\t\t\t<div class=\"elementor-widget-container\">\n\t\t\t\t\t<div class=\"elementor-image-gallery\">\n\t\t\t<div id='gallery-1' class='gallery galleryid-14259 gallery-columns-3 gallery-size-1536x1536'><figure class='gallery-item'>\n\t\t\t<div class='gallery-icon landscape'>\n\t\t\t\t<a data-elementor-open-lightbox=\"no\" href='http:\/\/rebech.pl\/wp-content\/uploads\/2020\/02\/Schronisko-1.jpg'><img width=\"1536\" height=\"1024\" src=\"http:\/\/rebech.pl\/wp-content\/uploads\/2020\/02\/Schronisko-1-1536x1024.jpg\" class=\"attachment-1536x1536 size-1536x1536\" alt=\"Zdj\u0119cie 1 Brama - Fotoreporta\u017c Schronisko ps\u00f3w Na Paluchu\" loading=\"lazy\" srcset=\"http:\/\/rebech.pl\/wp-content\/uploads\/2020\/02\/Schronisko-1-1536x1024.jpg 1536w, http:\/\/rebech.pl\/wp-content\/uploads\/2020\/02\/Schronisko-1-300x200.jpg 300w, http:\/\/rebech.pl\/wp-content\/uploads\/2020\/02\/Schronisko-1-1024x683.jpg 1024w, http:\/\/rebech.pl\/wp-content\/uploads\/2020\/02\/Schronisko-1-768x512.jpg 768w, http:\/\/rebech.pl\/wp-content\/uploads\/2020\/02\/Schronisko-1-1000x667.jpg 1000w, http:\/\/rebech.pl\/wp-content\/uploads\/2020\/02\/Schronisko-1-550x367.jpg 550w, http:\/\/rebech.pl\/wp-content\/uploads\/2020\/02\/Schronisko-1-150x100.jpg 150w, http:\/\/rebech.pl\/wp-content\/uploads\/2020\/02\/Schronisko-1-1060x707.jpg 1060w, http:\/\/rebech.pl\/wp-content\/uploads\/2020\/02\/Schronisko-1.jpg 1920w\" sizes=\"(max-width: 1536px) 100vw, 1536px\" \/><\/a>\n\t\t\t<\/div><\/figure><figure class='gallery-item'>\n\t\t\t<div class='gallery-icon landscape'>\n\t\t\t\t<a data-elementor-open-lightbox=\"no\" href='http:\/\/rebech.pl\/wp-content\/uploads\/2020\/02\/Schronisko-2.jpg'><img width=\"1536\" height=\"1024\" src=\"http:\/\/rebech.pl\/wp-content\/uploads\/2020\/02\/Schronisko-2-1536x1024.jpg\" class=\"attachment-1536x1536 size-1536x1536\" alt=\"Zdj\u0119cie 2 przychodnia - Fotoreporta\u017c Schronisko ps\u00f3w Na Paluchu\" loading=\"lazy\" srcset=\"http:\/\/rebech.pl\/wp-content\/uploads\/2020\/02\/Schronisko-2-1536x1024.jpg 1536w, http:\/\/rebech.pl\/wp-content\/uploads\/2020\/02\/Schronisko-2-300x200.jpg 300w, http:\/\/rebech.pl\/wp-content\/uploads\/2020\/02\/Schronisko-2-1024x683.jpg 1024w, http:\/\/rebech.pl\/wp-content\/uploads\/2020\/02\/Schronisko-2-768x512.jpg 768w, http:\/\/rebech.pl\/wp-content\/uploads\/2020\/02\/Schronisko-2-1000x667.jpg 1000w, http:\/\/rebech.pl\/wp-content\/uploads\/2020\/02\/Schronisko-2-550x367.jpg 550w, http:\/\/rebech.pl\/wp-content\/uploads\/2020\/02\/Schronisko-2-150x100.jpg 150w, http:\/\/rebech.pl\/wp-content\/uploads\/2020\/02\/Schronisko-2-1060x707.jpg 1060w, http:\/\/rebech.pl\/wp-content\/uploads\/2020\/02\/Schronisko-2.jpg 1920w\" sizes=\"(max-width: 1536px) 100vw, 1536px\" \/><\/a>\n\t\t\t<\/div><\/figure><figure class='gallery-item'>\n\t\t\t<div class='gallery-icon landscape'>\n\t\t\t\t<a data-elementor-open-lightbox=\"no\" href='http:\/\/rebech.pl\/wp-content\/uploads\/2020\/02\/Schronisko-3.jpg'><img width=\"1536\" height=\"1024\" src=\"http:\/\/rebech.pl\/wp-content\/uploads\/2020\/02\/Schronisko-3-1536x1024.jpg\" class=\"attachment-1536x1536 size-1536x1536\" alt=\"Zdj\u0119cie 3 Pies na budzie - Fotoreporta\u017c Schronisko ps\u00f3w Na Paluchu\" loading=\"lazy\" srcset=\"http:\/\/rebech.pl\/wp-content\/uploads\/2020\/02\/Schronisko-3-1536x1024.jpg 1536w, http:\/\/rebech.pl\/wp-content\/uploads\/2020\/02\/Schronisko-3-300x200.jpg 300w, http:\/\/rebech.pl\/wp-content\/uploads\/2020\/02\/Schronisko-3-1024x683.jpg 1024w, http:\/\/rebech.pl\/wp-content\/uploads\/2020\/02\/Schronisko-3-768x512.jpg 768w, http:\/\/rebech.pl\/wp-content\/uploads\/2020\/02\/Schronisko-3-1000x667.jpg 1000w, http:\/\/rebech.pl\/wp-content\/uploads\/2020\/02\/Schronisko-3-550x367.jpg 550w, http:\/\/rebech.pl\/wp-content\/uploads\/2020\/02\/Schronisko-3-150x100.jpg 150w, http:\/\/rebech.pl\/wp-content\/uploads\/2020\/02\/Schronisko-3-1060x707.jpg 1060w, http:\/\/rebech.pl\/wp-content\/uploads\/2020\/02\/Schronisko-3.jpg 1920w\" sizes=\"(max-width: 1536px) 100vw, 1536px\" \/><\/a>\n\t\t\t<\/div><\/figure><figure class='gallery-item'>\n\t\t\t<div class='gallery-icon landscape'>\n\t\t\t\t<a data-elementor-open-lightbox=\"no\" href='http:\/\/rebech.pl\/wp-content\/uploads\/2020\/02\/Schronisko-4.jpg'><img width=\"1536\" height=\"1024\" src=\"http:\/\/rebech.pl\/wp-content\/uploads\/2020\/02\/Schronisko-4-1536x1024.jpg\" class=\"attachment-1536x1536 size-1536x1536\" alt=\"Zdj\u0119cie 4 pies prosi - Fotoreporta\u017c Schronisko ps\u00f3w Na Paluchu\" loading=\"lazy\" srcset=\"http:\/\/rebech.pl\/wp-content\/uploads\/2020\/02\/Schronisko-4-1536x1024.jpg 1536w, http:\/\/rebech.pl\/wp-content\/uploads\/2020\/02\/Schronisko-4-300x200.jpg 300w, http:\/\/rebech.pl\/wp-content\/uploads\/2020\/02\/Schronisko-4-1024x683.jpg 1024w, http:\/\/rebech.pl\/wp-content\/uploads\/2020\/02\/Schronisko-4-768x512.jpg 768w, http:\/\/rebech.pl\/wp-content\/uploads\/2020\/02\/Schronisko-4-1000x667.jpg 1000w, http:\/\/rebech.pl\/wp-content\/uploads\/2020\/02\/Schronisko-4-550x367.jpg 550w, http:\/\/rebech.pl\/wp-content\/uploads\/2020\/02\/Schronisko-4-150x100.jpg 150w, http:\/\/rebech.pl\/wp-content\/uploads\/2020\/02\/Schronisko-4-1060x707.jpg 1060w, http:\/\/rebech.pl\/wp-content\/uploads\/2020\/02\/Schronisko-4.jpg 1920w\" sizes=\"(max-width: 1536px) 100vw, 1536px\" \/><\/a>\n\t\t\t<\/div><\/figure><figure class='gallery-item'>\n\t\t\t<div class='gallery-icon landscape'>\n\t\t\t\t<a data-elementor-open-lightbox=\"no\" href='http:\/\/rebech.pl\/wp-content\/uploads\/2020\/02\/Schronisko-5.jpg'><img width=\"1536\" height=\"1024\" src=\"http:\/\/rebech.pl\/wp-content\/uploads\/2020\/02\/Schronisko-5-1536x1024.jpg\" class=\"attachment-1536x1536 size-1536x1536\" alt=\"Zdj\u0119cie 5 Opiekun - Fotoreporta\u017c Schronisko ps\u00f3w Na Paluchu\" loading=\"lazy\" srcset=\"http:\/\/rebech.pl\/wp-content\/uploads\/2020\/02\/Schronisko-5-1536x1024.jpg 1536w, http:\/\/rebech.pl\/wp-content\/uploads\/2020\/02\/Schronisko-5-300x200.jpg 300w, http:\/\/rebech.pl\/wp-content\/uploads\/2020\/02\/Schronisko-5-1024x683.jpg 1024w, http:\/\/rebech.pl\/wp-content\/uploads\/2020\/02\/Schronisko-5-768x512.jpg 768w, http:\/\/rebech.pl\/wp-content\/uploads\/2020\/02\/Schronisko-5-1000x667.jpg 1000w, http:\/\/rebech.pl\/wp-content\/uploads\/2020\/02\/Schronisko-5-550x367.jpg 550w, http:\/\/rebech.pl\/wp-content\/uploads\/2020\/02\/Schronisko-5-150x100.jpg 150w, http:\/\/rebech.pl\/wp-content\/uploads\/2020\/02\/Schronisko-5-1060x707.jpg 1060w, http:\/\/rebech.pl\/wp-content\/uploads\/2020\/02\/Schronisko-5.jpg 1920w\" sizes=\"(max-width: 1536px) 100vw, 1536px\" \/><\/a>\n\t\t\t<\/div><\/figure><figure class='gallery-item'>\n\t\t\t<div class='gallery-icon landscape'>\n\t\t\t\t<a data-elementor-open-lightbox=\"no\" href='http:\/\/rebech.pl\/wp-content\/uploads\/2020\/02\/Schronisko-6.jpg'><img width=\"1536\" height=\"1024\" src=\"http:\/\/rebech.pl\/wp-content\/uploads\/2020\/02\/Schronisko-6-1536x1024.jpg\" class=\"attachment-1536x1536 size-1536x1536\" alt=\"Zdj\u0119cie 6 Opiekun bawi si\u0119 z psem - Fotoreporta\u017c Schronisko ps\u00f3w Na Paluchu\" loading=\"lazy\" srcset=\"http:\/\/rebech.pl\/wp-content\/uploads\/2020\/02\/Schronisko-6-1536x1024.jpg 1536w, http:\/\/rebech.pl\/wp-content\/uploads\/2020\/02\/Schronisko-6-300x200.jpg 300w, http:\/\/rebech.pl\/wp-content\/uploads\/2020\/02\/Schronisko-6-1024x683.jpg 1024w, http:\/\/rebech.pl\/wp-content\/uploads\/2020\/02\/Schronisko-6-768x512.jpg 768w, http:\/\/rebech.pl\/wp-content\/uploads\/2020\/02\/Schronisko-6-1000x667.jpg 1000w, http:\/\/rebech.pl\/wp-content\/uploads\/2020\/02\/Schronisko-6-550x367.jpg 550w, http:\/\/rebech.pl\/wp-content\/uploads\/2020\/02\/Schronisko-6-150x100.jpg 150w, http:\/\/rebech.pl\/wp-content\/uploads\/2020\/02\/Schronisko-6-1060x707.jpg 1060w, http:\/\/rebech.pl\/wp-content\/uploads\/2020\/02\/Schronisko-6.jpg 1920w\" sizes=\"(max-width: 1536px) 100vw, 1536px\" \/><\/a>\n\t\t\t<\/div><\/figure><figure class='gallery-item'>\n\t\t\t<div class='gallery-icon landscape'>\n\t\t\t\t<a data-elementor-open-lightbox=\"no\" href='http:\/\/rebech.pl\/wp-content\/uploads\/2020\/02\/Schronisko-7.jpg'><img width=\"1536\" height=\"1024\" src=\"http:\/\/rebech.pl\/wp-content\/uploads\/2020\/02\/Schronisko-7-1536x1024.jpg\" class=\"attachment-1536x1536 size-1536x1536\" alt=\"Zdj\u0119cie 7 Pies smutny - Fotoreporta\u017c Schronisko ps\u00f3w Na Paluchu\" loading=\"lazy\" srcset=\"http:\/\/rebech.pl\/wp-content\/uploads\/2020\/02\/Schronisko-7-1536x1024.jpg 1536w, http:\/\/rebech.pl\/wp-content\/uploads\/2020\/02\/Schronisko-7-300x200.jpg 300w, http:\/\/rebech.pl\/wp-content\/uploads\/2020\/02\/Schronisko-7-1024x683.jpg 1024w, http:\/\/rebech.pl\/wp-content\/uploads\/2020\/02\/Schronisko-7-768x512.jpg 768w, http:\/\/rebech.pl\/wp-content\/uploads\/2020\/02\/Schronisko-7-1000x667.jpg 1000w, http:\/\/rebech.pl\/wp-content\/uploads\/2020\/02\/Schronisko-7-550x367.jpg 550w, http:\/\/rebech.pl\/wp-content\/uploads\/2020\/02\/Schronisko-7-150x100.jpg 150w, http:\/\/rebech.pl\/wp-content\/uploads\/2020\/02\/Schronisko-7-1060x707.jpg 1060w, http:\/\/rebech.pl\/wp-content\/uploads\/2020\/02\/Schronisko-7.jpg 1920w\" sizes=\"(max-width: 1536px) 100vw, 1536px\" \/><\/a>\n\t\t\t<\/div><\/figure><figure class='gallery-item'>\n\t\t\t<div class='gallery-icon landscape'>\n\t\t\t\t<a data-elementor-open-lightbox=\"no\" href='http:\/\/rebech.pl\/wp-content\/uploads\/2020\/02\/Schronisko-8.jpg'><img width=\"1536\" height=\"1024\" src=\"http:\/\/rebech.pl\/wp-content\/uploads\/2020\/02\/Schronisko-8-1536x1024.jpg\" class=\"attachment-1536x1536 size-1536x1536\" alt=\"Zdj\u0119cie 8 Pies i kraty - Fotoreporta\u017c Schronisko ps\u00f3w Na Paluchu\" loading=\"lazy\" srcset=\"http:\/\/rebech.pl\/wp-content\/uploads\/2020\/02\/Schronisko-8-1536x1024.jpg 1536w, http:\/\/rebech.pl\/wp-content\/uploads\/2020\/02\/Schronisko-8-300x200.jpg 300w, http:\/\/rebech.pl\/wp-content\/uploads\/2020\/02\/Schronisko-8-1024x683.jpg 1024w, http:\/\/rebech.pl\/wp-content\/uploads\/2020\/02\/Schronisko-8-768x512.jpg 768w, http:\/\/rebech.pl\/wp-content\/uploads\/2020\/02\/Schronisko-8-1000x667.jpg 1000w, http:\/\/rebech.pl\/wp-content\/uploads\/2020\/02\/Schronisko-8-550x367.jpg 550w, http:\/\/rebech.pl\/wp-content\/uploads\/2020\/02\/Schronisko-8-150x100.jpg 150w, http:\/\/rebech.pl\/wp-content\/uploads\/2020\/02\/Schronisko-8-1060x707.jpg 1060w, http:\/\/rebech.pl\/wp-content\/uploads\/2020\/02\/Schronisko-8.jpg 1920w\" sizes=\"(max-width: 1536px) 100vw, 1536px\" \/><\/a>\n\t\t\t<\/div><\/figure><figure class='gallery-item'>\n\t\t\t<div class='gallery-icon landscape'>\n\t\t\t\t<a data-elementor-open-lightbox=\"no\" href='http:\/\/rebech.pl\/wp-content\/uploads\/2020\/02\/Schronisko-9.jpg'><img width=\"1536\" height=\"1024\" src=\"http:\/\/rebech.pl\/wp-content\/uploads\/2020\/02\/Schronisko-9-1536x1024.jpg\" class=\"attachment-1536x1536 size-1536x1536\" alt=\"Zdj\u0119cie 9 Og\u0142oszenia adopcyjne przy wyj\u015bciu - Fotoreporta\u017c Schronisko ps\u00f3w Na Paluchu\" loading=\"lazy\" srcset=\"http:\/\/rebech.pl\/wp-content\/uploads\/2020\/02\/Schronisko-9-1536x1024.jpg 1536w, http:\/\/rebech.pl\/wp-content\/uploads\/2020\/02\/Schronisko-9-300x200.jpg 300w, http:\/\/rebech.pl\/wp-content\/uploads\/2020\/02\/Schronisko-9-1024x683.jpg 1024w, http:\/\/rebech.pl\/wp-content\/uploads\/2020\/02\/Schronisko-9-768x512.jpg 768w, http:\/\/rebech.pl\/wp-content\/uploads\/2020\/02\/Schronisko-9-1000x667.jpg 1000w, http:\/\/rebech.pl\/wp-content\/uploads\/2020\/02\/Schronisko-9-550x367.jpg 550w, http:\/\/rebech.pl\/wp-content\/uploads\/2020\/02\/Schronisko-9-150x100.jpg 150w, http:\/\/rebech.pl\/wp-content\/uploads\/2020\/02\/Schronisko-9-1060x707.jpg 1060w, http:\/\/rebech.pl\/wp-content\/uploads\/2020\/02\/Schronisko-9.jpg 1920w\" sizes=\"(max-width: 1536px) 100vw, 1536px\" \/><\/a>\n\t\t\t<\/div><\/figure>\n\t\t<\/div>\n\t\t<\/div>\n\t\t\t\t<\/div>\n\t\t\t\t<\/div>\n\t\t\t\t\t\t<\/div>\n\t\t\t\t\t<\/div>\n\t\t<\/div>\n\t\t\t\t\t\t\t\t<\/div>\n\t\t\t\t\t<\/div>\n\t\t<\/section>\n\t\t\t\t<section class=\"elementor-section elementor-top-section elementor-element elementor-element-5d4490e elementor-section-boxed elementor-section-height-default elementor-section-height-default\" data-id=\"5d4490e\" data-element_type=\"section\">\n\t\t\t\t\t\t<div class=\"elementor-container elementor-column-gap-default\">\n\t\t\t\t\t\t\t<div class=\"elementor-row\">\n\t\t\t\t\t<div class=\"elementor-column elementor-col-100 elementor-top-column elementor-element elementor-element-df11034\" data-id=\"df11034\" data-element_type=\"column\">\n\t\t\t<div class=\"elementor-column-wrap elementor-element-populated\">\n\t\t\t\t\t\t\t<div class=\"elementor-widget-wrap\">\n\t\t\t\t\t\t<div class=\"elementor-element elementor-element-07a3904 elementor-widget elementor-widget-spacer\" data-id=\"07a3904\" data-element_type=\"widget\" data-widget_type=\"spacer.default\">\n\t\t\t\t<div class=\"elementor-widget-container\">\n\t\t\t\t\t<div class=\"elementor-spacer\">\n\t\t\t<div class=\"elementor-spacer-inner\"><\/div>\n\t\t<\/div>\n\t\t\t\t<\/div>\n\t\t\t\t<\/div>\n\t\t\t\t<div class=\"elementor-element elementor-element-5fd8569 elementor-align-center elementor-widget elementor-widget-button\" data-id=\"5fd8569\" data-element_type=\"widget\" data-widget_type=\"button.default\">\n\t\t\t\t<div class=\"elementor-widget-container\">\n\t\t\t\t\t<div class=\"elementor-button-wrapper\">\n\t\t\t<a href=\"http:\/\/rebech.pl\/index.php\/portfolio\/fotoreportaz-neonowka\/\" class=\"elementor-button-link elementor-button elementor-size-md\" role=\"button\">\n\t\t\t\t\t\t<span class=\"elementor-button-content-wrapper\">\n\t\t\t\t\t\t<span class=\"elementor-button-text\">   Kolejna galeria  &gt;&gt;     <\/span>\n\t\t<\/span>\n\t\t\t\t\t<\/a>\n\t\t<\/div>\n\t\t\t\t<\/div>\n\t\t\t\t<\/div>\n\t\t\t\t<div class=\"elementor-element elementor-element-f672811 elementor-align-center elementor-widget elementor-widget-button\" data-id=\"f672811\" data-element_type=\"widget\" data-widget_type=\"button.default\">\n\t\t\t\t<div class=\"elementor-widget-container\">\n\t\t\t\t\t<div class=\"elementor-button-wrapper\">\n\t\t\t<a href=\"http:\/\/rebech.pl\/index.php\/portfolio\/fotoreportaz-turniej-gry-w-szachy\/\" class=\"elementor-button-link elementor-button elementor-size-md\" role=\"button\">\n\t\t\t\t\t\t<span class=\"elementor-button-content-wrapper\">\n\t\t\t\t\t\t<span class=\"elementor-button-text\">&lt;&lt; Poprzednia galeria<\/span>\n\t\t<\/span>\n\t\t\t\t\t<\/a>\n\t\t<\/div>\n\t\t\t\t<\/div>\n\t\t\t\t<\/div>\n\t\t\t\t\t\t<\/div>\n\t\t\t\t\t<\/div>\n\t\t<\/div>\n\t\t\t\t\t\t\t\t<\/div>\n\t\t\t\t\t<\/div>\n\t\t<\/section>\n\t\t\t\t\t\t\t\t\t<\/div>\n\t\t\t<\/div>\n\t\t\t\t\t<\/div>\n\t\t","protected":false},"excerpt":{"rendered":"<p>Fotoreporta\u017c\u239f Schronisko ps\u00f3w Na Paluchu Kolejna galeria &gt;&gt; &lt;&lt; Poprzednia galeria<\/p>\n","protected":false},"featured_media":14271,"comment_status":"closed","ping_status":"closed","template":"elementor_header_footer","format":"link","portfolio-category":[198],"yoast_head":"<!-- This site is optimized with the Yoast SEO plugin v19.1 - https:\/\/yoast.com\/wordpress\/plugins\/seo\/ -->\n<title>Fotoreporta\u017c\u239f Schronisko ps\u00f3w Na Paluchu | Czarek Rebech<\/title>\n<meta name=\"description\" content=\"Fotoreporta\u017c zrealizowany w 2014 roku. Schronisko Na Paluchu przyjmuje bezdomne zwierz\u0119ta z terenu Warszawy, gminy Piaseczno*, G\u00f3ra Kalwaria*, Raszyn*.\" \/>\n<meta name=\"robots\" content=\"index, follow, max-snippet:-1, max-image-preview:large, max-video-preview:-1\" \/>\n<link rel=\"canonical\" href=\"http:\/\/rebech.pl\/index.php\/portfolio\/schronisko-psow-na-paluchu\/\" \/>\n<meta property=\"og:locale\" content=\"pl_PL\" \/>\n<meta property=\"og:type\" content=\"article\" \/>\n<meta property=\"og:title\" content=\"Fotoreporta\u017c\u239f Schronisko ps\u00f3w Na Paluchu | Czarek Rebech\" \/>\n<meta property=\"og:description\" content=\"Fotoreporta\u017c zrealizowany w 2014 roku. Schronisko Na Paluchu przyjmuje bezdomne zwierz\u0119ta z terenu Warszawy, gminy Piaseczno*, G\u00f3ra Kalwaria*, Raszyn*.\" \/>\n<meta property=\"og:url\" content=\"http:\/\/rebech.pl\/index.php\/portfolio\/schronisko-psow-na-paluchu\/\" \/>\n<meta property=\"og:site_name\" content=\"Czarek Rebech\" \/>\n<meta property=\"article:modified_time\" content=\"2020-02-19T10:08:15+00:00\" \/>\n<meta property=\"og:image\" content=\"http:\/\/rebech.pl\/wp-content\/uploads\/2020\/02\/Schronisko-8.jpg\" \/>\n\t<meta property=\"og:image:width\" content=\"1920\" \/>\n\t<meta property=\"og:image:height\" content=\"1280\" \/>\n\t<meta property=\"og:image:type\" content=\"image\/jpeg\" \/>\n<meta name=\"twitter:card\" content=\"summary_large_image\" \/>\n<script type=\"application\/ld+json\" class=\"yoast-schema-graph\">{\"@context\":\"https:\/\/schema.org\",\"@graph\":[{\"@type\":[\"Person\",\"Organization\"],\"@id\":\"http:\/\/rebech.pl\/#\/schema\/person\/df088b6149ae8690ed86553f901b49e0\",\"name\":\"Czarek Rebech\",\"image\":{\"@type\":\"ImageObject\",\"inLanguage\":\"pl-PL\",\"@id\":\"http:\/\/rebech.pl\/#\/schema\/person\/image\/\",\"url\":\"http:\/\/2.gravatar.com\/avatar\/e3f5497970c929a54ca68924684801e2?s=96&d=mm&r=g\",\"contentUrl\":\"http:\/\/2.gravatar.com\/avatar\/e3f5497970c929a54ca68924684801e2?s=96&d=mm&r=g\",\"caption\":\"Czarek Rebech\"},\"logo\":{\"@id\":\"http:\/\/rebech.pl\/#\/schema\/person\/image\/\"}},{\"@type\":\"WebSite\",\"@id\":\"http:\/\/rebech.pl\/#website\",\"url\":\"http:\/\/rebech.pl\/\",\"name\":\"Czarek Rebech | grafika, fotografia\",\"description\":\"Projekty graficzne i fotograficzne\",\"publisher\":{\"@id\":\"http:\/\/rebech.pl\/#\/schema\/person\/df088b6149ae8690ed86553f901b49e0\"},\"potentialAction\":[{\"@type\":\"SearchAction\",\"target\":{\"@type\":\"EntryPoint\",\"urlTemplate\":\"http:\/\/rebech.pl\/?s={search_term_string}\"},\"query-input\":\"required name=search_term_string\"}],\"inLanguage\":\"pl-PL\"},{\"@type\":\"ImageObject\",\"inLanguage\":\"pl-PL\",\"@id\":\"http:\/\/rebech.pl\/index.php\/portfolio\/schronisko-psow-na-paluchu\/#primaryimage\",\"url\":\"http:\/\/rebech.pl\/wp-content\/uploads\/2020\/02\/Schronisko-8.jpg\",\"contentUrl\":\"http:\/\/rebech.pl\/wp-content\/uploads\/2020\/02\/Schronisko-8.jpg\",\"width\":1920,\"height\":1280,\"caption\":\"Zdj\u0119cie 8 Pies i kraty - Fotoreporta\u017c Schronisko ps\u00f3w Na Paluchu\"},{\"@type\":\"WebPage\",\"@id\":\"http:\/\/rebech.pl\/index.php\/portfolio\/schronisko-psow-na-paluchu\/#webpage\",\"url\":\"http:\/\/rebech.pl\/index.php\/portfolio\/schronisko-psow-na-paluchu\/\",\"name\":\"Fotoreporta\u017c\u239f Schronisko ps\u00f3w Na Paluchu | Czarek Rebech\",\"isPartOf\":{\"@id\":\"http:\/\/rebech.pl\/#website\"},\"primaryImageOfPage\":{\"@id\":\"http:\/\/rebech.pl\/index.php\/portfolio\/schronisko-psow-na-paluchu\/#primaryimage\"},\"datePublished\":\"2020-02-01T11:03:31+00:00\",\"dateModified\":\"2020-02-19T10:08:15+00:00\",\"description\":\"Fotoreporta\u017c zrealizowany w 2014 roku. Schronisko Na Paluchu przyjmuje bezdomne zwierz\u0119ta z terenu Warszawy, gminy Piaseczno*, G\u00f3ra Kalwaria*, Raszyn*.\",\"breadcrumb\":{\"@id\":\"http:\/\/rebech.pl\/index.php\/portfolio\/schronisko-psow-na-paluchu\/#breadcrumb\"},\"inLanguage\":\"pl-PL\",\"potentialAction\":[{\"@type\":\"ReadAction\",\"target\":[\"http:\/\/rebech.pl\/index.php\/portfolio\/schronisko-psow-na-paluchu\/\"]}]},{\"@type\":\"BreadcrumbList\",\"@id\":\"http:\/\/rebech.pl\/index.php\/portfolio\/schronisko-psow-na-paluchu\/#breadcrumb\",\"itemListElement\":[{\"@type\":\"ListItem\",\"position\":1,\"name\":\"Strona g\u0142\u00f3wna\",\"item\":\"https:\/\/rebech.pl\/\"},{\"@type\":\"ListItem\",\"position\":2,\"name\":\"Fotoreporta\u017c\u239f Schronisko ps\u00f3w Na Paluchu\"}]}]}<\/script>\n<!-- \/ Yoast SEO plugin. -->","yoast_head_json":{"title":"Fotoreporta\u017c\u239f Schronisko ps\u00f3w Na Paluchu | Czarek Rebech","description":"Fotoreporta\u017c zrealizowany w 2014 roku. Schronisko Na Paluchu przyjmuje bezdomne zwierz\u0119ta z terenu Warszawy, gminy Piaseczno*, G\u00f3ra Kalwaria*, Raszyn*.","robots":{"index":"index","follow":"follow","max-snippet":"max-snippet:-1","max-image-preview":"max-image-preview:large","max-video-preview":"max-video-preview:-1"},"canonical":"http:\/\/rebech.pl\/index.php\/portfolio\/schronisko-psow-na-paluchu\/","og_locale":"pl_PL","og_type":"article","og_title":"Fotoreporta\u017c\u239f Schronisko ps\u00f3w Na Paluchu | Czarek Rebech","og_description":"Fotoreporta\u017c zrealizowany w 2014 roku. Schronisko Na Paluchu przyjmuje bezdomne zwierz\u0119ta z terenu Warszawy, gminy Piaseczno*, G\u00f3ra Kalwaria*, Raszyn*.","og_url":"http:\/\/rebech.pl\/index.php\/portfolio\/schronisko-psow-na-paluchu\/","og_site_name":"Czarek Rebech","article_modified_time":"2020-02-19T10:08:15+00:00","og_image":[{"width":1920,"height":1280,"url":"http:\/\/rebech.pl\/wp-content\/uploads\/2020\/02\/Schronisko-8.jpg","type":"image\/jpeg"}],"twitter_card":"summary_large_image","schema":{"@context":"https:\/\/schema.org","@graph":[{"@type":["Person","Organization"],"@id":"http:\/\/rebech.pl\/#\/schema\/person\/df088b6149ae8690ed86553f901b49e0","name":"Czarek Rebech","image":{"@type":"ImageObject","inLanguage":"pl-PL","@id":"http:\/\/rebech.pl\/#\/schema\/person\/image\/","url":"http:\/\/2.gravatar.com\/avatar\/e3f5497970c929a54ca68924684801e2?s=96&d=mm&r=g","contentUrl":"http:\/\/2.gravatar.com\/avatar\/e3f5497970c929a54ca68924684801e2?s=96&d=mm&r=g","caption":"Czarek Rebech"},"logo":{"@id":"http:\/\/rebech.pl\/#\/schema\/person\/image\/"}},{"@type":"WebSite","@id":"http:\/\/rebech.pl\/#website","url":"http:\/\/rebech.pl\/","name":"Czarek Rebech | grafika, fotografia","description":"Projekty graficzne i fotograficzne","publisher":{"@id":"http:\/\/rebech.pl\/#\/schema\/person\/df088b6149ae8690ed86553f901b49e0"},"potentialAction":[{"@type":"SearchAction","target":{"@type":"EntryPoint","urlTemplate":"http:\/\/rebech.pl\/?s={search_term_string}"},"query-input":"required name=search_term_string"}],"inLanguage":"pl-PL"},{"@type":"ImageObject","inLanguage":"pl-PL","@id":"http:\/\/rebech.pl\/index.php\/portfolio\/schronisko-psow-na-paluchu\/#primaryimage","url":"http:\/\/rebech.pl\/wp-content\/uploads\/2020\/02\/Schronisko-8.jpg","contentUrl":"http:\/\/rebech.pl\/wp-content\/uploads\/2020\/02\/Schronisko-8.jpg","width":1920,"height":1280,"caption":"Zdj\u0119cie 8 Pies i kraty - Fotoreporta\u017c Schronisko ps\u00f3w Na Paluchu"},{"@type":"WebPage","@id":"http:\/\/rebech.pl\/index.php\/portfolio\/schronisko-psow-na-paluchu\/#webpage","url":"http:\/\/rebech.pl\/index.php\/portfolio\/schronisko-psow-na-paluchu\/","name":"Fotoreporta\u017c\u239f Schronisko ps\u00f3w Na Paluchu | Czarek Rebech","isPartOf":{"@id":"http:\/\/rebech.pl\/#website"},"primaryImageOfPage":{"@id":"http:\/\/rebech.pl\/index.php\/portfolio\/schronisko-psow-na-paluchu\/#primaryimage"},"datePublished":"2020-02-01T11:03:31+00:00","dateModified":"2020-02-19T10:08:15+00:00","description":"Fotoreporta\u017c zrealizowany w 2014 roku. Schronisko Na Paluchu przyjmuje bezdomne zwierz\u0119ta z terenu Warszawy, gminy Piaseczno*, G\u00f3ra Kalwaria*, Raszyn*.","breadcrumb":{"@id":"http:\/\/rebech.pl\/index.php\/portfolio\/schronisko-psow-na-paluchu\/#breadcrumb"},"inLanguage":"pl-PL","potentialAction":[{"@type":"ReadAction","target":["http:\/\/rebech.pl\/index.php\/portfolio\/schronisko-psow-na-paluchu\/"]}]},{"@type":"BreadcrumbList","@id":"http:\/\/rebech.pl\/index.php\/portfolio\/schronisko-psow-na-paluchu\/#breadcrumb","itemListElement":[{"@type":"ListItem","position":1,"name":"Strona g\u0142\u00f3wna","item":"https:\/\/rebech.pl\/"},{"@type":"ListItem","position":2,"name":"Fotoreporta\u017c\u239f Schronisko ps\u00f3w Na Paluchu"}]}]}},"_links":{"self":[{"href":"http:\/\/rebech.pl\/index.php\/wp-json\/wp\/v2\/portfolio\/14259"}],"collection":[{"href":"http:\/\/rebech.pl\/index.php\/wp-json\/wp\/v2\/portfolio"}],"about":[{"href":"http:\/\/rebech.pl\/index.php\/wp-json\/wp\/v2\/types\/portfolio"}],"replies":[{"embeddable":true,"href":"http:\/\/rebech.pl\/index.php\/wp-json\/wp\/v2\/comments?post=14259"}],"version-history":[{"count":12,"href":"http:\/\/rebech.pl\/index.php\/wp-json\/wp\/v2\/portfolio\/14259\/revisions"}],"predecessor-version":[{"id":14966,"href":"http:\/\/rebech.pl\/index.php\/wp-json\/wp\/v2\/portfolio\/14259\/revisions\/14966"}],"wp:featuredmedia":[{"embeddable":true,"href":"http:\/\/rebech.pl\/index.php\/wp-json\/wp\/v2\/media\/14271"}],"wp:attachment":[{"href":"http:\/\/rebech.pl\/index.php\/wp-json\/wp\/v2\/media?parent=14259"}],"wp:term":[{"taxonomy":"portfolio-category","embeddable":true,"href":"http:\/\/rebech.pl\/index.php\/wp-json\/wp\/v2\/portfolio-category?post=14259"}],"curies":[{"name":"wp","href":"https:\/\/api.w.org\/{rel}","templated":true}]}}